{"id":61708,"date":"2015-09-16T01:30:56","date_gmt":"2015-09-15T23:30:56","guid":{"rendered":"https:\/\/www.vitandar.de\/neck-protector\/"},"modified":"2026-03-23T23:58:33","modified_gmt":"2026-03-23T22:58:33","slug":"neck-protector","status":"publish","type":"page","link":"https:\/\/www.vitandar.de\/en\/products\/neck-protector\/","title":{"rendered":"Neck protector"},"content":{"rendered":"\n\n\t<section class=\"section\" id=\"section_1567931166\">\n\t\t<div class=\"section-bg fill\" >\n\t\t\t\t\t\t\t\t\t<div class=\"section-bg-overlay absolute fill\"><\/div>\n\t\t\t\n\n\t\t<\/div>\n\n\t\t\n\n\t\t<div class=\"section-content relative\">\n\t\t\t\n\n<div class=\"row row-collapse row-full-width align-middle\"  id=\"row-110003980\">\n\n\n\t<div id=\"col-2071055390\" class=\"col medium-7 small-12 large-7\"  >\n\t\t\t\t<div class=\"col-inner\"  >\n\t\t\t\n\t\t\t\n\n\n  <div class=\"banner has-hover\" id=\"banner-1234301333\">\n          <div class=\"banner-inner fill\">\n        <div class=\"banner-bg fill\" >\n            <img loading=\"lazy\" decoding=\"async\" width=\"800\" height=\"928\" src=\"https:\/\/www.vitandar.de\/wp-content\/uploads\/2025\/01\/Genickschoner-vitandar-infrarot-1.webp\" class=\"bg attachment-large size-large\" alt=\"\" data-attachment-id=\"61629\" data-permalink=\"https:\/\/www.vitandar.de\/en\/products\/neck-protector\/genickschoner-vitandar-infrarot-2-2\/#main\" data-orig-file=\"https:\/\/www.vitandar.de\/wp-content\/uploads\/2025\/01\/Genickschoner-vitandar-infrarot-1.webp\" data-orig-size=\"800,928\" data-comments-opened=\"1\" data-image-meta=\"{&quot;aperture&quot;:&quot;0&quot;,&quot;credit&quot;:&quot;&quot;,&quot;camera&quot;:&quot;&quot;,&quot;caption&quot;:&quot;&quot;,&quot;created_timestamp&quot;:&quot;0&quot;,&quot;copyright&quot;:&quot;&quot;,&quot;focal_length&quot;:&quot;0&quot;,&quot;iso&quot;:&quot;0&quot;,&quot;shutter_speed&quot;:&quot;0&quot;,&quot;title&quot;:&quot;&quot;,&quot;orientation&quot;:&quot;0&quot;}\" data-image-title=\"Genickschoner-vitandar-infrarot\" data-image-description=\"\" data-image-caption=\"\" data-large-file=\"https:\/\/www.vitandar.de\/wp-content\/uploads\/2025\/01\/Genickschoner-vitandar-infrarot-1.webp\" \/>                                    \n                    <\/div>\n\t\t\n        <div class=\"banner-layers container\">\n            <div class=\"fill banner-link\"><\/div>            \n\n   <div id=\"text-box-486507720\" class=\"text-box banner-layer x50 md-x50 lg-x50 y50 md-y50 lg-y50 res-text\">\n                                <div class=\"text-box-content text dark\">\n              \n              <div class=\"text-inner text-center\">\n                  \n\n\n              <\/div>\n           <\/div>\n                            \n<style>\n#text-box-486507720 {\n  width: 60%;\n}\n#text-box-486507720 .text-box-content {\n  font-size: 100%;\n}\n@media (min-width:550px) {\n  #text-box-486507720 {\n    width: 60%;\n  }\n}\n<\/style>\n    <\/div>\n \n\n        <\/div>\n      <\/div>\n\n            \n<style>\n#banner-1234301333 {\n  padding-top: 550px;\n}\n#banner-1234301333 .banner-bg img {\n  object-position: 47% 24%;\n}\n<\/style>\n  <\/div>\n\n\n\n\t\t<\/div>\n\t\t\t\t\t<\/div>\n\n\t\n\n\t<div id=\"col-159229829\" class=\"col medium-5 small-12 large-5\"  >\n\t\t\t\t<div class=\"col-inner text-center\"  >\n\t\t\t\n\t\t\t\n\n<h3>Support in the neck<\/h3>\n<h3 class=\"uppercase\"><span style=\"font-size: 130%\">VITANDAR<\/span><\/h3>\n<h2 class=\"alt-font\"><span style=\"font-size: 160%\"><strong>Neck protector<\/strong><\/span><\/h2>\n\t<div id=\"text-3535314118\" class=\"text\">\n\t\t\n\n<ul>\n<li style=\"text-align: left\">Particularly large contact surface<\/li>\n<li style=\"text-align: left\">Designed for long exposure times<\/li>\n<li style=\"text-align: left\">holds without halter<\/li>\n<\/ul>\n\t\t\n<style>\n#text-3535314118 {\n  line-height: 1;\n}\n@media (min-width:550px) {\n  #text-3535314118 {\n    line-height: 0.75;\n  }\n}\n<\/style>\n\t<\/div>\n\t\n<a href=\"https:\/\/www.vitandar.de\/en\/shop\/uncategorized\/neck-protector\/\" class=\"button secondary lowercase expand\" style=\"border-radius:5px;\">\n\t\t<span>Store now<\/span>\n\t<i class=\"icon-angle-right\" aria-hidden=\"true\"><\/i><\/a>\n\n\n\n\t\t<\/div>\n\t\t\t\t\n<style>\n#col-159229829 > .col-inner {\n  padding: 5% 5% 2% 5%;\n  max-width: 520px;\n}\n@media (min-width:550px) {\n  #col-159229829 > .col-inner {\n    padding: 10% 10% 10% 10%;\n  }\n}\n<\/style>\n\t<\/div>\n\n\t\n\n<\/div>\n<div class=\"text-center\"><div class=\"is-divider divider clearfix\" style=\"margin-top:0px;margin-bottom:0px;max-width:100%;height:1px;background-color:rgb(230, 0, 0);\"><\/div><\/div>\n\n\n\t\t<\/div>\n\n\t\t\n<style>\n#section_1567931166 {\n  padding-top: 0px;\n  padding-bottom: 0px;\n  background-color: rgb(247, 247, 247);\n}\n#section_1567931166 .section-bg-overlay {\n  background-color: rgba(255, 255, 255, 0.85);\n}\n<\/style>\n\t<\/section>\n\t\n\n\t<section class=\"section\" id=\"section_989167659\">\n\t\t<div class=\"section-bg fill\" >\n\t\t\t\t\t\t\t\t\t\n\t\t\t\n\n\t\t<\/div>\n\n\t\t\n\n\t\t<div class=\"section-content relative\">\n\t\t\t\n\n<div class=\"row row-small align-middle align-center\" style=\"max-width:1400px\" id=\"row-558736632\">\n\n\n\t<div id=\"col-1154483081\" class=\"col medium-10 small-12 large-6\"  >\n\t\t\t\t<div class=\"col-inner\"  >\n\t\t\t\n\t\t\t\n\n\n  <div class=\"banner has-hover\" id=\"banner-746095272\">\n          <div class=\"banner-inner fill\">\n        <div class=\"banner-bg fill\" >\n            <img loading=\"lazy\" decoding=\"async\" width=\"360\" height=\"400\" src=\"https:\/\/www.vitandar.de\/wp-content\/uploads\/2018\/06\/Banner-Genick-mob.jpg\" class=\"bg attachment-original size-original\" alt=\"\" data-attachment-id=\"60060\" data-permalink=\"https:\/\/www.vitandar.de\/en\/products\/neck-protector\/banner-genick-mob-2\/#main\" data-orig-file=\"https:\/\/www.vitandar.de\/wp-content\/uploads\/2018\/06\/Banner-Genick-mob.jpg\" data-orig-size=\"360,400\" data-comments-opened=\"1\" data-image-meta=\"{&quot;aperture&quot;:&quot;0&quot;,&quot;credit&quot;:&quot;&quot;,&quot;camera&quot;:&quot;&quot;,&quot;caption&quot;:&quot;&quot;,&quot;created_timestamp&quot;:&quot;0&quot;,&quot;copyright&quot;:&quot;&quot;,&quot;focal_length&quot;:&quot;0&quot;,&quot;iso&quot;:&quot;0&quot;,&quot;shutter_speed&quot;:&quot;0&quot;,&quot;title&quot;:&quot;&quot;,&quot;orientation&quot;:&quot;0&quot;}\" data-image-title=\"Banner-Genick-mob\" data-image-description=\"\" data-image-caption=\"\" data-large-file=\"https:\/\/www.vitandar.de\/wp-content\/uploads\/2018\/06\/Banner-Genick-mob.jpg\" \/>                                    \n                    <\/div>\n\t\t\n        <div class=\"banner-layers container\">\n            <div class=\"fill banner-link\"><\/div>            \n\n   <div id=\"text-box-17446966\" class=\"text-box banner-layer x50 md-x50 lg-x50 y50 md-y50 lg-y50 res-text\">\n                                <div class=\"text-box-content text dark\">\n              \n              <div class=\"text-inner text-center\">\n                  \n\n\n              <\/div>\n           <\/div>\n                            \n<style>\n#text-box-17446966 {\n  width: 60%;\n}\n#text-box-17446966 .text-box-content {\n  font-size: 100%;\n}\n@media (min-width:550px) {\n  #text-box-17446966 {\n    width: 60%;\n  }\n}\n<\/style>\n    <\/div>\n \n\n        <\/div>\n      <\/div>\n\n            \n<style>\n#banner-746095272 {\n  padding-top: 300px;\n}\n#banner-746095272 .banner-bg img {\n  object-position: 63% 26%;\n}\n@media (min-width:850px) {\n  #banner-746095272 {\n    padding-top: 90%;\n  }\n}\n<\/style>\n  <\/div>\n\n\n\n\t\t<\/div>\n\t\t\t\t\n<style>\n#col-1154483081 > .col-inner {\n  margin: 0px 0px 10px 0px;\n}\n<\/style>\n\t<\/div>\n\n\t\n\n\t<div id=\"col-563360835\" class=\"col medium-10 small-12 large-6\"  >\n\t\t\t\t<div class=\"col-inner text-left\"  >\n\t\t\t\n\t\t\t\n\n<h6>About<\/h6>\n<div class=\"et_pb_module et_pb_text et_pb_text_0 et_pb_text_align_left et_pb_bg_layout_light\">\n<div class=\"et_pb_text_inner\">\n<div class=\"wpb_text_column wpb_content_element vc_custom_1511827139669\">\n<div class=\"wpb_wrapper\">\n<h3>The neck protector<\/h3>\n<p>Our neck protector &#8211; also known as a neck warmer &#8211; is designed for use in the neck and upper area of the cervical spine. It is also suitable for supporting the treatment of neck bumps. The large surface area of the pad provides optimum coverage of the neck area.  <\/p>\n<\/div>\n<\/div>\n<\/div>\n<\/div>\n<div class=\"et_pb_module et_pb_text et_pb_text_1 et_pb_text_align_left et_pb_bg_layout_light\">\n<div class=\"et_pb_text_inner\">\n<h3>Equipment<\/h3>\n<p>The neck warmer is available in two standard sizes: for large horses and for ponies. It is fastened at the throat with a buckle. The width of the buckle can be adjusted to fit the base of the neck exactly.  <\/p>\n<p>The outside of the mane ridge is reinforced with a splint, which keeps the neck protector taut and prevents it from bunching up. Thanks to the ear cut-out, it fits well and cannot be easily shaken off by the horse. <\/p>\n<\/div>\n<\/div>\n\n\t\t<\/div>\n\t\t\t\t\n<style>\n#col-563360835 > .col-inner {\n  padding: 0px 0px 0px 0px;\n  margin: 0px 0px -20px 0px;\n}\n@media (min-width:850px) {\n  #col-563360835 > .col-inner {\n    padding: 0px 50px 0px 50px;\n  }\n}\n<\/style>\n\t<\/div>\n\n\t\n\n\n<style>\n#row-558736632 > .col > .col-inner {\n  padding: 0px 0px 10px 0px;\n}\n<\/style>\n<\/div>\n\t<div id=\"stack-1890279205\" class=\"stack stack-row justify-start items-stretch\">\n\t\t\n\n\t<div class=\"img has-hover x md-x lg-x y md-y lg-y\" id=\"image_680024213\">\n\t\t\t\t\t\t\t\t<div class=\"img-inner dark\" style=\"margin:0px 10px 0px 0px;\">\n\t\t\t<img loading=\"lazy\" decoding=\"async\" width=\"435\" height=\"300\" src=\"https:\/\/www.vitandar.de\/wp-content\/uploads\/2015\/08\/Bild_3.png\" class=\"attachment-large size-large\" alt=\"\" srcset=\"https:\/\/www.vitandar.de\/wp-content\/uploads\/2015\/08\/Bild_3.png 435w, https:\/\/www.vitandar.de\/wp-content\/uploads\/2015\/08\/Bild_3-300x207.png 300w\" sizes=\"auto, (max-width: 435px) 100vw, 435px\" data-attachment-id=\"59730\" data-permalink=\"https:\/\/www.vitandar.de\/en\/bild_3-2-2\/\" data-orig-file=\"https:\/\/www.vitandar.de\/wp-content\/uploads\/2015\/08\/Bild_3.png\" data-orig-size=\"435,300\" data-comments-opened=\"1\" data-image-meta=\"{&quot;aperture&quot;:&quot;0&quot;,&quot;credit&quot;:&quot;&quot;,&quot;camera&quot;:&quot;&quot;,&quot;caption&quot;:&quot;&quot;,&quot;created_timestamp&quot;:&quot;0&quot;,&quot;copyright&quot;:&quot;&quot;,&quot;focal_length&quot;:&quot;0&quot;,&quot;iso&quot;:&quot;0&quot;,&quot;shutter_speed&quot;:&quot;0&quot;,&quot;title&quot;:&quot;&quot;,&quot;orientation&quot;:&quot;0&quot;}\" data-image-title=\"Vitandar_Infrarot_Effekt\" data-image-description=\"\" data-image-caption=\"\" data-large-file=\"https:\/\/www.vitandar.de\/wp-content\/uploads\/2015\/08\/Bild_3.png\" \/>\t\t\t\t\t\t\n\t\t\t\t\t<\/div>\n\t\t\t\t\t\t\t\t\n<style>\n#image_680024213 {\n  width: 69%;\n}\n<\/style>\n\t<\/div>\n\t\n\n\t<div class=\"img has-hover x md-x lg-x y md-y lg-y\" id=\"image_1783352559\">\n\t\t\t\t\t\t\t\t<div class=\"img-inner dark\" style=\"margin:0px 10px 0px 0px;\">\n\t\t\t<img loading=\"lazy\" decoding=\"async\" width=\"400\" height=\"400\" src=\"https:\/\/www.vitandar.de\/wp-content\/uploads\/2018\/06\/Genickschoner-infrarot-03.jpg\" class=\"attachment-large size-large\" alt=\"\" srcset=\"https:\/\/www.vitandar.de\/wp-content\/uploads\/2018\/06\/Genickschoner-infrarot-03.jpg 400w, https:\/\/www.vitandar.de\/wp-content\/uploads\/2018\/06\/Genickschoner-infrarot-03-100x100.jpg 100w, https:\/\/www.vitandar.de\/wp-content\/uploads\/2018\/06\/Genickschoner-infrarot-03-300x300.jpg 300w, https:\/\/www.vitandar.de\/wp-content\/uploads\/2018\/06\/Genickschoner-infrarot-03-150x150.jpg 150w, https:\/\/www.vitandar.de\/wp-content\/uploads\/2018\/06\/Genickschoner-infrarot-03-200x200.jpg 200w\" sizes=\"auto, (max-width: 400px) 100vw, 400px\" data-attachment-id=\"60036\" data-permalink=\"https:\/\/www.vitandar.de\/en\/worth-knowing\/application\/genickschoner-infrarot-03-2\/#main\" data-orig-file=\"https:\/\/www.vitandar.de\/wp-content\/uploads\/2018\/06\/Genickschoner-infrarot-03.jpg\" data-orig-size=\"400,400\" data-comments-opened=\"1\" data-image-meta=\"{&quot;aperture&quot;:&quot;0&quot;,&quot;credit&quot;:&quot;&quot;,&quot;camera&quot;:&quot;&quot;,&quot;caption&quot;:&quot;&quot;,&quot;created_timestamp&quot;:&quot;0&quot;,&quot;copyright&quot;:&quot;&quot;,&quot;focal_length&quot;:&quot;0&quot;,&quot;iso&quot;:&quot;0&quot;,&quot;shutter_speed&quot;:&quot;0&quot;,&quot;title&quot;:&quot;&quot;,&quot;orientation&quot;:&quot;0&quot;}\" data-image-title=\"Genickschoner-infrarot-03\" data-image-description=\"\" data-image-caption=\"\" data-large-file=\"https:\/\/www.vitandar.de\/wp-content\/uploads\/2018\/06\/Genickschoner-infrarot-03.jpg\" \/>\t\t\t\t\t\t\n\t\t\t\t\t<\/div>\n\t\t\t\t\t\t\t\t\n<style>\n#image_1783352559 {\n  width: 76%;\n}\n<\/style>\n\t<\/div>\n\t\n\n\t<div class=\"img has-hover x md-x lg-x y md-y lg-y\" id=\"image_149882884\">\n\t\t\t\t\t\t\t\t<div class=\"img-inner dark\" style=\"margin:0px 10px 0px 0px;\">\n\t\t\t<img loading=\"lazy\" decoding=\"async\" width=\"400\" height=\"300\" src=\"https:\/\/www.vitandar.de\/wp-content\/uploads\/2018\/06\/Genickw\u00e4rmer-infrarot-02.jpg\" class=\"attachment-large size-large\" alt=\"\" srcset=\"https:\/\/www.vitandar.de\/wp-content\/uploads\/2018\/06\/Genickw\u00e4rmer-infrarot-02.jpg 400w, https:\/\/www.vitandar.de\/wp-content\/uploads\/2018\/06\/Genickw\u00e4rmer-infrarot-02-300x225.jpg 300w\" sizes=\"auto, (max-width: 400px) 100vw, 400px\" data-attachment-id=\"59998\" data-permalink=\"https:\/\/www.vitandar.de\/en\/products\/neck-protector\/genickwaermer-infrarot-02-2\/#main\" data-orig-file=\"https:\/\/www.vitandar.de\/wp-content\/uploads\/2018\/06\/Genickw\u00e4rmer-infrarot-02.jpg\" data-orig-size=\"400,300\" data-comments-opened=\"1\" data-image-meta=\"{&quot;aperture&quot;:&quot;0&quot;,&quot;credit&quot;:&quot;&quot;,&quot;camera&quot;:&quot;&quot;,&quot;caption&quot;:&quot;&quot;,&quot;created_timestamp&quot;:&quot;0&quot;,&quot;copyright&quot;:&quot;&quot;,&quot;focal_length&quot;:&quot;0&quot;,&quot;iso&quot;:&quot;0&quot;,&quot;shutter_speed&quot;:&quot;0&quot;,&quot;title&quot;:&quot;&quot;,&quot;orientation&quot;:&quot;0&quot;}\" data-image-title=\"Genickw\u00e4rmer-infrarot-02\" data-image-description=\"\" data-image-caption=\"\" data-large-file=\"https:\/\/www.vitandar.de\/wp-content\/uploads\/2018\/06\/Genickw\u00e4rmer-infrarot-02.jpg\" \/>\t\t\t\t\t\t\n\t\t\t\t\t<\/div>\n\t\t\t\t\t\t\t\t\n<style>\n#image_149882884 {\n  width: 100%;\n}\n<\/style>\n\t<\/div>\n\t\n\n\t<div class=\"img has-hover x md-x lg-x y md-y lg-y\" id=\"image_570227626\">\n\t\t\t\t\t\t\t\t<div class=\"img-inner dark\" style=\"margin:0px 10px 0px 0px;\">\n\t\t\t<img loading=\"lazy\" decoding=\"async\" width=\"400\" height=\"300\" src=\"https:\/\/www.vitandar.de\/wp-content\/uploads\/2018\/06\/Genickw\u00e4rmer-infrarot-01.jpg\" class=\"attachment-large size-large\" alt=\"\" srcset=\"https:\/\/www.vitandar.de\/wp-content\/uploads\/2018\/06\/Genickw\u00e4rmer-infrarot-01.jpg 400w, https:\/\/www.vitandar.de\/wp-content\/uploads\/2018\/06\/Genickw\u00e4rmer-infrarot-01-300x225.jpg 300w\" sizes=\"auto, (max-width: 400px) 100vw, 400px\" data-attachment-id=\"59996\" data-permalink=\"https:\/\/www.vitandar.de\/en\/products\/neck-protector\/genickwaermer-infrarot-01-2\/#main\" data-orig-file=\"https:\/\/www.vitandar.de\/wp-content\/uploads\/2018\/06\/Genickw\u00e4rmer-infrarot-01.jpg\" data-orig-size=\"400,300\" data-comments-opened=\"1\" data-image-meta=\"{&quot;aperture&quot;:&quot;0&quot;,&quot;credit&quot;:&quot;&quot;,&quot;camera&quot;:&quot;&quot;,&quot;caption&quot;:&quot;&quot;,&quot;created_timestamp&quot;:&quot;0&quot;,&quot;copyright&quot;:&quot;&quot;,&quot;focal_length&quot;:&quot;0&quot;,&quot;iso&quot;:&quot;0&quot;,&quot;shutter_speed&quot;:&quot;0&quot;,&quot;title&quot;:&quot;&quot;,&quot;orientation&quot;:&quot;0&quot;}\" data-image-title=\"Genickw\u00e4rmer-infrarot-01\" data-image-description=\"\" data-image-caption=\"\" data-large-file=\"https:\/\/www.vitandar.de\/wp-content\/uploads\/2018\/06\/Genickw\u00e4rmer-infrarot-01.jpg\" \/>\t\t\t\t\t\t\n\t\t\t\t\t<\/div>\n\t\t\t\t\t\t\t\t\n<style>\n#image_570227626 {\n  width: 100%;\n}\n<\/style>\n\t<\/div>\n\t\n\n\n\t\t\n<style>\n#stack-1890279205 > * {\n  --stack-gap: 0rem;\n}\n<\/style>\n\t<\/div>\n\t\n\t<div id=\"gap-1493750077\" class=\"gap-element clearfix\" style=\"display:block; height:auto;\">\n\t\t\n<style>\n#gap-1493750077 {\n  padding-top: 20px;\n}\n@media (min-width:550px) {\n  #gap-1493750077 {\n    padding-top: 40px;\n  }\n}\n<\/style>\n\t<\/div>\n\t\n\n\n\t\t<\/div>\n\n\t\t\n<style>\n#section_989167659 {\n  padding-top: 0px;\n  padding-bottom: 0px;\n}\n<\/style>\n\t<\/section>\n\t\n\n\t<section class=\"section\" id=\"section_1766427571\">\n\t\t<div class=\"section-bg fill\" >\n\t\t\t\t\t\t\t\t\t\n\t\t\t\n\n\t\t<\/div>\n\n\t\t\n\n\t\t<div class=\"section-content relative\">\n\t\t\t\n\n<div class=\"row\"  id=\"row-2044183174\">\n\n\n\t<div id=\"col-1901191965\" class=\"col small-12 large-12\"  >\n\t\t\t\t<div class=\"col-inner\"  >\n\t\t\t\n\t\t\t\n\n<h3>Instructions for use<\/h3>\n<h4>Note the following:<\/h4>\n\n\t\t<\/div>\n\t\t\t\t\n<style>\n#col-1901191965 > .col-inner {\n  margin: 0px 0px -20px 0px;\n}\n<\/style>\n\t<\/div>\n\n\t\n\n<\/div>\n<div class=\"row\"  id=\"row-465704378\">\n\n\n\t<div id=\"col-378183739\" class=\"col medium-4 small-12 large-4\"  >\n\t\t\t\t<div class=\"col-inner\"  >\n\t\t\t\n\t\t\t\n\n<h4>In the stable<\/h4>\n<p>The neck protector is primarily intended for use when the horse is at rest. So use it mainly when your horse is in the box or in the grooming area. <\/p>\n<p>Some of our test horses also wear the neck protector in the paddock and in the pasture. Thanks to its good fit, it stays in place perfectly. Decide for yourself, you know your horse best!  <\/p>\n\n\t\t<\/div>\n\t\t\t\t\t<\/div>\n\n\t\n\n\t<div id=\"col-2056912660\" class=\"col medium-4 small-12 large-4\"  >\n\t\t\t\t<div class=\"col-inner\"  >\n\t\t\t\n\t\t\t\n\n<h4>Use cases<\/h4>\n<p><strong>Tension in the neck: <\/strong>in horses with a tight neck (atlas), the infrared effect can relax the muscles and loosen them.<\/p>\n<p><strong>Bump on the neck: <\/strong>if the horse has injured its neck, the neck protector can be used to support medical treatment.<\/p>\n<p><strong>Osteoarthritis:<\/strong> the returned body heat supports the body and keeps the joints warm, which leads to pain relief during movement.<\/p>\n<p>Also discuss the use with the attending veterinarian!<\/p>\n\n\t\t<\/div>\n\t\t\t\t\t<\/div>\n\n\t\n\n\t<div id=\"col-1223329587\" class=\"col medium-4 small-12 large-4\"  >\n\t\t\t\t<div class=\"col-inner\"  >\n\t\t\t\n\t\t\t\n\n<h4>Start slowly<\/h4>\n<p>Start the application slowly and increase the dose gradually.<\/p>\n<p>In the first few days of use, the increased blood circulation can lead to an increased effect. The application should then be reduced again and gradually increased in the following days. <\/p>\n<p>We recommend that the products are not used continuously for 24 hours, but that the body is always given a boost by alternating between use and rest. The optimum duration for most applications is half a day, e.g. overnight use. <\/p>\n<p>Observe your horse to see if it feels comfortable with it!<\/p>\n\n\t\t<\/div>\n\t\t\t\t\n<style>\n#col-1223329587 > .col-inner {\n  margin: 0px 0px -20px 0px;\n}\n<\/style>\n\t<\/div>\n\n\t\n\n<\/div>\n\n\t\t<\/div>\n\n\t\t\n<style>\n#section_1766427571 {\n  padding-top: 10px;\n  padding-bottom: 10px;\n  background-color: rgb(245, 245, 245);\n}\n<\/style>\n\t<\/section>\n\t\n\n\t<section class=\"section\" id=\"section_45529782\">\n\t\t<div class=\"section-bg fill\" >\n\t\t\t\t\t\t\t\t\t\n\t\t\t\n\n\t\t<\/div>\n\n\t\t\n\n\t\t<div class=\"section-content relative\">\n\t\t\t\n\n<div class=\"row align-center\"  id=\"row-505919226\">\n\n\n\t<div id=\"col-944273714\" class=\"col medium-10 small-12 large-5\"  >\n\t\t\t\t<div class=\"col-inner text-center\"  >\n\t\t\t\n\t\t\t\n\n<header class=\"vc_cta3-content-header\">\n<h2><span style=\"font-size: 150%\">Online Shop<\/span><\/h2>\n<\/header>\n<h4>Our neck protector is available in the online store.<\/h4>\n<div class=\"woocommerce columns-1 \"><div class=\"products row row-small large-columns-1 medium-columns-3 small-columns-2 has-shadow row-box-shadow-1 has-equal-box-heights equalize-box\">\n<div class=\"product-small col has-hover product type-product post-62733 status-publish first instock product_cat-neck product_tag-infrared product_tag-therapeutic product_tag-neck-guard product_tag-neck-protector product_tag-poll-warmer has-post-thumbnail taxable shipping-taxable purchasable product-type-variable\">\n\t<div class=\"col-inner\">\n\t\n<div class=\"badge-container absolute left top z-1\">\n\n<\/div>\n\t<div class=\"product-small box \">\n\t\t<div class=\"box-image\">\n\t\t\t<div class=\"image-fade_in_back\">\n\t\t\t\t<a href=\"https:\/\/www.vitandar.de\/en\/shop\/neck\/neck-protector\/\">\n\t\t\t\t\t<img loading=\"lazy\" decoding=\"async\" width=\"247\" height=\"296\" src=\"https:\/\/www.vitandar.de\/wp-content\/uploads\/2015\/08\/VV_121020_099-247x296.jpg\" class=\"attachment-woocommerce_thumbnail size-woocommerce_thumbnail\" alt=\"Infrared Ceramic Poll Warmer Osteoarthritis\" data-attachment-id=\"59776\" data-permalink=\"https:\/\/www.vitandar.de\/en\/?attachment_id=59776#main\" data-orig-file=\"https:\/\/www.vitandar.de\/wp-content\/uploads\/2015\/08\/VV_121020_099.jpg\" data-orig-size=\"400,400\" data-comments-opened=\"1\" data-image-meta=\"{&quot;aperture&quot;:&quot;0&quot;,&quot;credit&quot;:&quot;&quot;,&quot;camera&quot;:&quot;&quot;,&quot;caption&quot;:&quot;&quot;,&quot;created_timestamp&quot;:&quot;0&quot;,&quot;copyright&quot;:&quot;&quot;,&quot;focal_length&quot;:&quot;0&quot;,&quot;iso&quot;:&quot;0&quot;,&quot;shutter_speed&quot;:&quot;0&quot;,&quot;title&quot;:&quot;&quot;,&quot;orientation&quot;:&quot;0&quot;}\" data-image-title=\"therapeutic_poll_protector\" data-image-description=\"\" data-image-caption=\"&lt;p&gt;Infrared Ceramic Poll Warmer Osteoarthritis&lt;\/p&gt;\n\" data-large-file=\"https:\/\/www.vitandar.de\/wp-content\/uploads\/2015\/08\/VV_121020_099.jpg\" \/><img loading=\"lazy\" decoding=\"async\" width=\"247\" height=\"296\" src=\"https:\/\/www.vitandar.de\/wp-content\/uploads\/2015\/09\/Bild_8-247x296.jpg\" class=\"show-on-hover absolute fill hide-for-small back-image\" alt=\"Infrared Ceramic Poll Protector Osteoarthritis\" aria-hidden=\"true\" data-attachment-id=\"59778\" data-permalink=\"https:\/\/www.vitandar.de\/en\/products\/neck-protector\/bild_8-2\/#main\" data-orig-file=\"https:\/\/www.vitandar.de\/wp-content\/uploads\/2015\/09\/Bild_8.jpg\" data-orig-size=\"700,467\" data-comments-opened=\"1\" data-image-meta=\"{&quot;aperture&quot;:&quot;0&quot;,&quot;credit&quot;:&quot;&quot;,&quot;camera&quot;:&quot;&quot;,&quot;caption&quot;:&quot;&quot;,&quot;created_timestamp&quot;:&quot;0&quot;,&quot;copyright&quot;:&quot;&quot;,&quot;focal_length&quot;:&quot;0&quot;,&quot;iso&quot;:&quot;0&quot;,&quot;shutter_speed&quot;:&quot;0&quot;,&quot;title&quot;:&quot;&quot;,&quot;orientation&quot;:&quot;0&quot;}\" data-image-title=\"Poll_Warmer_Infrared\" data-image-description=\"\" data-image-caption=\"&lt;p&gt;Infrared Ceramic Poll Protector Osteoarthritis&lt;\/p&gt;\n\" data-large-file=\"https:\/\/www.vitandar.de\/wp-content\/uploads\/2015\/09\/Bild_8.jpg\" \/>\t\t\t\t<\/a>\n\t\t\t<\/div>\n\t\t\t<div class=\"image-tools is-small top right show-on-hover\">\n\t\t\t\t\t\t\t<\/div>\n\t\t\t<div class=\"image-tools is-small hide-for-small bottom left show-on-hover\">\n\t\t\t\t\t\t\t<\/div>\n\t\t\t<div class=\"image-tools grid-tools text-center hide-for-small bottom hover-slide-in show-on-hover\">\n\t\t\t\t<a href=\"#quick-view\" class=\"quick-view\" role=\"button\" data-prod=\"62733\" aria-haspopup=\"dialog\" aria-expanded=\"false\" data-flatsome-role-button>Quick View<\/a>\t\t\t<\/div>\n\t\t\t\t\t<\/div>\n\n\t\t<div class=\"box-text box-text-products flex-row align-top grid-style-3 flex-wrap\">\n\t\t\t<div class=\"title-wrapper\">\t\t<p class=\"category uppercase is-smaller no-text-overflow product-cat op-8\">\n\t\t\tNeck\t\t<\/p>\n\t<p class=\"name product-title woocommerce-loop-product__title\"><a href=\"https:\/\/www.vitandar.de\/en\/shop\/neck\/neck-protector\/\" class=\"woocommerce-LoopProduct-link woocommerce-loop-product__link\">Neck protector<\/a><\/p><\/div><div class=\"price-wrapper\">\n\t<span class=\"price\">Preis: <span class=\"woocommerce-Price-amount amount\"><bdi>76,90&nbsp;<span class=\"woocommerce-Price-currencySymbol\">&euro;<\/span><\/bdi><\/span><p class=\"stock in-stock in_stock_color woo-custom-stock-status\">In stock<\/p><\/span>\n\n<\/div>\t<span id=\"woocommerce_loop_add_to_cart_link_describedby_62733\" class=\"screen-reader-text\">\n\t\tThis product has multiple variants. The options may be chosen on the product page\t<\/span>\n\t\t<\/div>\n\t<\/div>\n\t\t\t\t<input type=\"hidden\" class=\"pmwProductId\" data-id=\"62733\">\n\t\t\t\t\t<script>\n\t\t\t(window.pmwDataLayer = window.pmwDataLayer || {}).products                = window.pmwDataLayer.products || {};\n\t\t\twindow.pmwDataLayer.products[62733] = {\"id\":\"62733\",\"sku\":\"VIT-NG\",\"price\":76.900000000000006,\"brand\":\"\",\"quantity\":1,\"dyn_r_ids\":{\"post_id\":\"62733\",\"sku\":\"VIT-NG\",\"gpf\":\"woocommerce_gpf_62733\",\"gla\":\"gla_62733\"},\"is_variable\":true,\"type\":\"variable\",\"name\":\"Neck protector\",\"category\":[\"Neck\"],\"is_variation\":false};\n\t\t\t\t\twindow.pmw_product_position = window.pmw_product_position || 1;\n\t\twindow.pmwDataLayer.products[62733]['position'] = window.pmw_product_position++;\n\t\t\t\t<\/script>\n\t\t\t<\/div>\n<\/div><\/div><!-- row -->\n<\/div>\n\n\n\t\t<\/div>\n\t\t\t\t\t<\/div>\n\n\t\n\n<\/div>\n\n\t\t<\/div>\n\n\t\t\n<style>\n#section_45529782 {\n  padding-top: 30px;\n  padding-bottom: 30px;\n}\n<\/style>\n\t<\/section>\n\t\n\n","protected":false},"excerpt":{"rendered":"","protected":false},"author":1,"featured_media":0,"parent":62012,"menu_order":11,"comment_status":"closed","ping_status":"closed","template":"page-blank.php","meta":{"inline_featured_image":false,"footnotes":""},"class_list":["post-61708","page","type-page","status-publish","hentry"],"yoast_head":"<!-- This site is optimized with the Yoast SEO plugin v27.4 - https:\/\/yoast.com\/product\/yoast-seo-wordpress\/ -->\n<title>Genickschoner f\u00fcr Pferde mit Infrarotr\u00fcckstrahleffekt | VITANDAR<\/title>\n<meta name=\"description\" content=\"Der Genickw\u00e4rmer mit Infraroteffekt deckt den oberen Bereich der Halswirbels\u00e4ule bei Pferden mit Genickproblemen: Verspannung, Genickbeule, Arthrose etc.\" \/>\n<meta name=\"robots\" content=\"index, follow, max-snippet:-1, max-image-preview:large, max-video-preview:-1\" \/>\n<link rel=\"canonical\" href=\"https:\/\/www.vitandar.de\/en\/products\/neck-protector\/\" \/>\n<meta property=\"og:locale\" content=\"en_US\" \/>\n<meta property=\"og:type\" content=\"article\" \/>\n<meta property=\"og:title\" content=\"VITANDAR - Genickschoner\" \/>\n<meta property=\"og:description\" content=\"Der Genickw\u00e4rmer mit Infraroteffekt deckt den oberen Bereich der Halswirbels\u00e4ule ab und unterst\u00fctzt Pferde mit Genickproblemen. Anwendung bei Verspannung, Genickbeule, Arthrose etc.\" \/>\n<meta property=\"og:url\" content=\"https:\/\/www.vitandar.de\/en\/products\/neck-protector\/\" \/>\n<meta property=\"og:site_name\" content=\"VITANDAR\" \/>\n<meta property=\"article:publisher\" content=\"https:\/\/www.facebook.com\/vitandar\/\" \/>\n<meta property=\"article:modified_time\" content=\"2026-03-23T22:58:33+00:00\" \/>\n<meta property=\"og:image\" content=\"https:\/\/www.vitandar.de\/wp-content\/uploads\/2018\/06\/Vitandar-Genickw\u00e4rmer.jpg\" \/>\n<meta name=\"twitter:card\" content=\"summary_large_image\" \/>\n<meta name=\"twitter:label1\" content=\"Est. reading time\" \/>\n\t<meta name=\"twitter:data1\" content=\"4 minutes\" \/>\n<script type=\"application\/ld+json\" class=\"yoast-schema-graph\">{\"@context\":\"https:\\\/\\\/schema.org\",\"@graph\":[{\"@type\":\"WebPage\",\"@id\":\"https:\\\/\\\/www.vitandar.de\\\/en\\\/products\\\/neck-protector\\\/\",\"url\":\"https:\\\/\\\/www.vitandar.de\\\/en\\\/products\\\/neck-protector\\\/\",\"name\":\"Genickschoner f\u00fcr Pferde mit Infrarotr\u00fcckstrahleffekt | VITANDAR\",\"isPartOf\":{\"@id\":\"https:\\\/\\\/www.vitandar.de\\\/#website\"},\"datePublished\":\"2015-09-15T23:30:56+00:00\",\"dateModified\":\"2026-03-23T22:58:33+00:00\",\"description\":\"Der Genickw\u00e4rmer mit Infraroteffekt deckt den oberen Bereich der Halswirbels\u00e4ule bei Pferden mit Genickproblemen: Verspannung, Genickbeule, Arthrose etc.\",\"breadcrumb\":{\"@id\":\"https:\\\/\\\/www.vitandar.de\\\/en\\\/products\\\/neck-protector\\\/#breadcrumb\"},\"inLanguage\":\"en-US\",\"potentialAction\":[{\"@type\":\"ReadAction\",\"target\":[\"https:\\\/\\\/www.vitandar.de\\\/en\\\/products\\\/neck-protector\\\/\"]}]},{\"@type\":\"BreadcrumbList\",\"@id\":\"https:\\\/\\\/www.vitandar.de\\\/en\\\/products\\\/neck-protector\\\/#breadcrumb\",\"itemListElement\":[{\"@type\":\"ListItem\",\"position\":1,\"name\":\"Startseite\",\"item\":\"https:\\\/\\\/www.vitandar.de\\\/\"},{\"@type\":\"ListItem\",\"position\":2,\"name\":\"Products\",\"item\":\"https:\\\/\\\/www.vitandar.de\\\/produkte\\\/\"},{\"@type\":\"ListItem\",\"position\":3,\"name\":\"Neck protector\"}]},{\"@type\":\"WebSite\",\"@id\":\"https:\\\/\\\/www.vitandar.de\\\/#website\",\"url\":\"https:\\\/\\\/www.vitandar.de\\\/\",\"name\":\"VITANDAR\",\"description\":\"Pferdesportzubeh\u00f6r mit Infraroteffekt\",\"publisher\":{\"@id\":\"https:\\\/\\\/www.vitandar.de\\\/#organization\"},\"potentialAction\":[{\"@type\":\"SearchAction\",\"target\":{\"@type\":\"EntryPoint\",\"urlTemplate\":\"https:\\\/\\\/www.vitandar.de\\\/?s={search_term_string}\"},\"query-input\":{\"@type\":\"PropertyValueSpecification\",\"valueRequired\":true,\"valueName\":\"search_term_string\"}}],\"inLanguage\":\"en-US\"},{\"@type\":\"Organization\",\"@id\":\"https:\\\/\\\/www.vitandar.de\\\/#organization\",\"name\":\"VITANDAR\",\"url\":\"https:\\\/\\\/www.vitandar.de\\\/\",\"logo\":{\"@type\":\"ImageObject\",\"inLanguage\":\"en-US\",\"@id\":\"https:\\\/\\\/www.vitandar.de\\\/#\\\/schema\\\/logo\\\/image\\\/\",\"url\":\"https:\\\/\\\/www.vitandar.de\\\/wp-content\\\/uploads\\\/2019\\\/07\\\/Vitandar-Label.png\",\"contentUrl\":\"https:\\\/\\\/www.vitandar.de\\\/wp-content\\\/uploads\\\/2019\\\/07\\\/Vitandar-Label.png\",\"width\":1000,\"height\":500,\"caption\":\"VITANDAR\"},\"image\":{\"@id\":\"https:\\\/\\\/www.vitandar.de\\\/#\\\/schema\\\/logo\\\/image\\\/\"},\"sameAs\":[\"https:\\\/\\\/www.facebook.com\\\/vitandar\\\/\",\"https:\\\/\\\/www.instagram.com\\\/vitandar.horse.gear\\\/\"]}]}<\/script>\n<!-- \/ Yoast SEO plugin. -->","yoast_head_json":{"title":"Genickschoner f\u00fcr Pferde mit Infrarotr\u00fcckstrahleffekt | VITANDAR","description":"Der Genickw\u00e4rmer mit Infraroteffekt deckt den oberen Bereich der Halswirbels\u00e4ule bei Pferden mit Genickproblemen: Verspannung, Genickbeule, Arthrose etc.","robots":{"index":"index","follow":"follow","max-snippet":"max-snippet:-1","max-image-preview":"max-image-preview:large","max-video-preview":"max-video-preview:-1"},"canonical":"https:\/\/www.vitandar.de\/en\/products\/neck-protector\/","og_locale":"en_US","og_type":"article","og_title":"VITANDAR - Genickschoner","og_description":"Der Genickw\u00e4rmer mit Infraroteffekt deckt den oberen Bereich der Halswirbels\u00e4ule ab und unterst\u00fctzt Pferde mit Genickproblemen. Anwendung bei Verspannung, Genickbeule, Arthrose etc.","og_url":"https:\/\/www.vitandar.de\/en\/products\/neck-protector\/","og_site_name":"VITANDAR","article_publisher":"https:\/\/www.facebook.com\/vitandar\/","article_modified_time":"2026-03-23T22:58:33+00:00","og_image":[{"url":"https:\/\/www.vitandar.de\/wp-content\/uploads\/2018\/06\/Vitandar-Genickw\u00e4rmer.jpg","type":"","width":"","height":""}],"twitter_card":"summary_large_image","twitter_misc":{"Est. reading time":"4 minutes"},"schema":{"@context":"https:\/\/schema.org","@graph":[{"@type":"WebPage","@id":"https:\/\/www.vitandar.de\/en\/products\/neck-protector\/","url":"https:\/\/www.vitandar.de\/en\/products\/neck-protector\/","name":"Genickschoner f\u00fcr Pferde mit Infrarotr\u00fcckstrahleffekt | VITANDAR","isPartOf":{"@id":"https:\/\/www.vitandar.de\/#website"},"datePublished":"2015-09-15T23:30:56+00:00","dateModified":"2026-03-23T22:58:33+00:00","description":"Der Genickw\u00e4rmer mit Infraroteffekt deckt den oberen Bereich der Halswirbels\u00e4ule bei Pferden mit Genickproblemen: Verspannung, Genickbeule, Arthrose etc.","breadcrumb":{"@id":"https:\/\/www.vitandar.de\/en\/products\/neck-protector\/#breadcrumb"},"inLanguage":"en-US","potentialAction":[{"@type":"ReadAction","target":["https:\/\/www.vitandar.de\/en\/products\/neck-protector\/"]}]},{"@type":"BreadcrumbList","@id":"https:\/\/www.vitandar.de\/en\/products\/neck-protector\/#breadcrumb","itemListElement":[{"@type":"ListItem","position":1,"name":"Startseite","item":"https:\/\/www.vitandar.de\/"},{"@type":"ListItem","position":2,"name":"Products","item":"https:\/\/www.vitandar.de\/produkte\/"},{"@type":"ListItem","position":3,"name":"Neck protector"}]},{"@type":"WebSite","@id":"https:\/\/www.vitandar.de\/#website","url":"https:\/\/www.vitandar.de\/","name":"VITANDAR","description":"Pferdesportzubeh\u00f6r mit Infraroteffekt","publisher":{"@id":"https:\/\/www.vitandar.de\/#organization"},"potentialAction":[{"@type":"SearchAction","target":{"@type":"EntryPoint","urlTemplate":"https:\/\/www.vitandar.de\/?s={search_term_string}"},"query-input":{"@type":"PropertyValueSpecification","valueRequired":true,"valueName":"search_term_string"}}],"inLanguage":"en-US"},{"@type":"Organization","@id":"https:\/\/www.vitandar.de\/#organization","name":"VITANDAR","url":"https:\/\/www.vitandar.de\/","logo":{"@type":"ImageObject","inLanguage":"en-US","@id":"https:\/\/www.vitandar.de\/#\/schema\/logo\/image\/","url":"https:\/\/www.vitandar.de\/wp-content\/uploads\/2019\/07\/Vitandar-Label.png","contentUrl":"https:\/\/www.vitandar.de\/wp-content\/uploads\/2019\/07\/Vitandar-Label.png","width":1000,"height":500,"caption":"VITANDAR"},"image":{"@id":"https:\/\/www.vitandar.de\/#\/schema\/logo\/image\/"},"sameAs":["https:\/\/www.facebook.com\/vitandar\/","https:\/\/www.instagram.com\/vitandar.horse.gear\/"]}]}},"jetpack-related-posts":[],"jetpack_sharing_enabled":true,"_links":{"self":[{"href":"https:\/\/www.vitandar.de\/en\/wp-json\/wp\/v2\/pages\/61708","targetHints":{"allow":["GET"]}}],"collection":[{"href":"https:\/\/www.vitandar.de\/en\/wp-json\/wp\/v2\/pages"}],"about":[{"href":"https:\/\/www.vitandar.de\/en\/wp-json\/wp\/v2\/types\/page"}],"author":[{"embeddable":true,"href":"https:\/\/www.vitandar.de\/en\/wp-json\/wp\/v2\/users\/1"}],"replies":[{"embeddable":true,"href":"https:\/\/www.vitandar.de\/en\/wp-json\/wp\/v2\/comments?post=61708"}],"version-history":[{"count":6,"href":"https:\/\/www.vitandar.de\/en\/wp-json\/wp\/v2\/pages\/61708\/revisions"}],"predecessor-version":[{"id":64761,"href":"https:\/\/www.vitandar.de\/en\/wp-json\/wp\/v2\/pages\/61708\/revisions\/64761"}],"up":[{"embeddable":true,"href":"https:\/\/www.vitandar.de\/en\/wp-json\/wp\/v2\/pages\/62012"}],"wp:attachment":[{"href":"https:\/\/www.vitandar.de\/en\/wp-json\/wp\/v2\/media?parent=61708"}],"curies":[{"name":"wp","href":"https:\/\/api.w.org\/{rel}","templated":true}]}}